{"id":1717,"date":"2019-05-18T20:28:40","date_gmt":"2019-05-18T18:28:40","guid":{"rendered":"https:\/\/berg.rifki.net\/berg\/?page_id=2"},"modified":"2020-07-24T16:38:10","modified_gmt":"2020-07-24T14:38:10","slug":"kontakt","status":"publish","type":"page","link":"https:\/\/www.mojekonferencje.pl\/blog\/kontakt\/","title":{"rendered":"Kontakt"},"content":{"rendered":"\n<p><strong>GoOnline.pl sp\u00f3\u0142ka z ograniczon\u0105 odpowiedzialno\u015bci\u0105 sp.k.<\/strong><br> ul. 28 Czerwca 1956 r. nr 400 lok. 106<\/p>\n\n\n\n<p>tel.: 61 677 24 90<br> mail: <a href=\"mailto:news@mojekonferencje.pl\">news@mojekonferencje.pl<\/a><br> 61-441 Pozna\u0144<\/p>\n\n\n\n<div class=\"wpcf7 no-js\" id=\"wpcf7-f1725-o1\" lang=\"en-US\" dir=\"ltr\" data-wpcf7-id=\"1725\">\n<div class=\"screen-reader-response\"><p role=\"status\" aria-live=\"polite\" aria-atomic=\"true\"><\/p> <ul><\/ul><\/div>\n<form action=\"\/blog\/wp-json\/wp\/v2\/pages\/1717#wpcf7-f1725-o1\" method=\"post\" class=\"wpcf7-form init wpcf7-acceptance-as-validation\" aria-label=\"Contact form\" novalidate=\"novalidate\" data-status=\"init\">\n<fieldset class=\"hidden-fields-container\"><input type=\"hidden\" name=\"_wpcf7\" value=\"1725\" \/><input type=\"hidden\" name=\"_wpcf7_version\" value=\"6.1.5\" \/><input type=\"hidden\" name=\"_wpcf7_locale\" value=\"en_US\" \/><input type=\"hidden\" name=\"_wpcf7_unit_tag\" value=\"wpcf7-f1725-o1\" \/><input type=\"hidden\" name=\"_wpcf7_container_post\" value=\"0\" \/><input type=\"hidden\" name=\"_wpcf7_posted_data_hash\" value=\"\" \/>\n<\/fieldset>\n<p><label class=\"tw-block\"><span class=\"tw-inline-block tw-font-medium tw-mb-2\">Imi\u0119 i nazwisko<\/span><span class=\"wpcf7-form-control-wrap\" data-name=\"your-name\"><input size=\"40\" maxlength=\"400\" class=\"wpcf7-form-control wpcf7-text wpcf7-validates-as-required input\" aria-required=\"true\" aria-invalid=\"false\" placeholder=\"Jan Kowalski\" value=\"\" type=\"text\" name=\"your-name\" \/><\/span><\/label>\n<\/p>\n<p><label class=\"tw-block\"><span class=\"tw-inline-block tw-font-medium tw-mb-2\">E-mail<\/span><span class=\"wpcf7-form-control-wrap\" data-name=\"your-email\"><input size=\"40\" maxlength=\"400\" class=\"wpcf7-form-control wpcf7-email wpcf7-validates-as-required wpcf7-text wpcf7-validates-as-email input\" aria-required=\"true\" aria-invalid=\"false\" placeholder=\"j.kowalski@twojadomena.pl\" value=\"\" type=\"email\" name=\"your-email\" \/><\/span><\/label>\n<\/p>\n<p><label class=\"tw-block\"><span class=\"tw-inline-block tw-font-medium tw-mb-2\">Temat<\/span><span class=\"wpcf7-form-control-wrap\" data-name=\"your-subject\"><input size=\"40\" maxlength=\"400\" class=\"wpcf7-form-control wpcf7-text input\" aria-invalid=\"false\" placeholder=\"Wpisz temat wiadomo\u015bci\" value=\"\" type=\"text\" name=\"your-subject\" \/><\/span><\/label>\n<\/p>\n<p><label class=\"tw-block\"><span class=\"tw-inline-block tw-font-medium tw-mb-2\">Wiadomo\u015b\u0107<\/span><span class=\"wpcf7-form-control-wrap\" data-name=\"your-message\"><textarea cols=\"40\" rows=\"5\" maxlength=\"2000\" class=\"wpcf7-form-control wpcf7-textarea input\" aria-invalid=\"false\" placeholder=\"Wpisz tutaj tre\u015b\u0107 wiadomo\u015bci...\" name=\"your-message\"><\/textarea><\/span><\/label>\n<\/p>\n<p><span class=\"wpcf7-form-control-wrap\" data-name=\"acceptance-856\"><span class=\"wpcf7-form-control wpcf7-acceptance\"><span class=\"wpcf7-list-item\"><label><input type=\"checkbox\" name=\"acceptance-856\" value=\"1\" aria-invalid=\"false\" \/><span class=\"wpcf7-list-item-label\">*Wyra\u017cam zgod\u0119 na przetwarzanie przez GoOnline.pl sp\u00f3\u0142ka z ograniczon\u0105 odpowiedzialno\u015bci\u0105 sp.k. w\u0142a\u015bciciela serwisu mojekonferencje.pl moich danych osobowych udost\u0119pnionych przez mnie w formularzu na stronie internetowej www.mojekonferencje.pl w celu realizacji odpowiedzi na zapytanie oraz zgodnie z Polityk\u0105 Prywatno\u015bci oraz Regulaminem, z kt\u00f3rych tre\u015bci\u0105 si\u0119 zapozna\u0142em i jest ona dla mnie jasna.<\/span><\/label><\/span><\/span><\/span>\n<\/p>\n<p><input class=\"wpcf7-form-control wpcf7-submit has-spinner btn btn-accent\" type=\"submit\" value=\"Wy\u015blij wiadomo\u015b\u0107\" \/>\n<\/p><div class=\"wpcf7-response-output\" aria-hidden=\"true\"><\/div>\n<\/form>\n<\/div>\n\n","protected":false},"excerpt":{"rendered":"<p>GoOnline.pl sp\u00f3\u0142ka z ograniczon\u0105 odpowiedzialno\u015bci\u0105 sp.k. ul. 28 Czerwca 1956 r. nr 400 lok. 106 tel.: 61 677 24 90 mail: news@mojekonferencje.pl 61-441 Pozna\u0144<\/p>\n","protected":false},"author":19,"featured_media":0,"parent":0,"menu_order":0,"comment_status":"closed","ping_status":"closed","template":"","meta":{"_acf_changed":false,"footnotes":""},"class_list":["post-1717","page","type-page","status-publish","hentry"],"acf":[],"yoast_head":"<!-- This site is optimized with the Yoast SEO plugin v27.1.1 - https:\/\/yoast.com\/product\/yoast-seo-wordpress\/ -->\n<title>Kontakt - MojeKonferencje.pl<\/title>\n<meta name=\"description\" content=\"Kontakt - MojeKonferencje.pl\" \/>\n<meta name=\"robots\" content=\"index, follow, max-snippet:-1, max-image-preview:large, max-video-preview:-1\" \/>\n<link rel=\"canonical\" href=\"https:\/\/www.mojekonferencje.pl\/blog\/kontakt\/\" \/>\n<meta property=\"og:locale\" content=\"pl_PL\" \/>\n<meta property=\"og:type\" content=\"article\" \/>\n<meta property=\"og:title\" content=\"Kontakt - MojeKonferencje.pl\" \/>\n<meta property=\"og:description\" content=\"Kontakt - MojeKonferencje.pl\" \/>\n<meta property=\"og:url\" content=\"https:\/\/www.mojekonferencje.pl\/blog\/kontakt\/\" \/>\n<meta property=\"og:site_name\" content=\"MojeKonferencje.pl\" \/>\n<meta property=\"article:modified_time\" content=\"2020-07-24T14:38:10+00:00\" \/>\n<meta name=\"twitter:card\" content=\"summary_large_image\" \/>\n<script type=\"application\/ld+json\" class=\"yoast-schema-graph\">{\"@context\":\"https:\/\/schema.org\",\"@graph\":[{\"@type\":\"WebPage\",\"@id\":\"https:\/\/www.mojekonferencje.pl\/blog\/kontakt\/\",\"url\":\"https:\/\/www.mojekonferencje.pl\/blog\/kontakt\/\",\"name\":\"Kontakt - MojeKonferencje.pl\",\"isPartOf\":{\"@id\":\"https:\/\/www.mojekonferencje.pl\/blog\/#website\"},\"datePublished\":\"2019-05-18T18:28:40+00:00\",\"dateModified\":\"2020-07-24T14:38:10+00:00\",\"description\":\"Kontakt - MojeKonferencje.pl\",\"breadcrumb\":{\"@id\":\"https:\/\/www.mojekonferencje.pl\/blog\/kontakt\/#breadcrumb\"},\"inLanguage\":\"pl-PL\",\"potentialAction\":[{\"@type\":\"ReadAction\",\"target\":[\"https:\/\/www.mojekonferencje.pl\/blog\/kontakt\/\"]}]},{\"@type\":\"BreadcrumbList\",\"@id\":\"https:\/\/www.mojekonferencje.pl\/blog\/kontakt\/#breadcrumb\",\"itemListElement\":[{\"@type\":\"ListItem\",\"position\":1,\"name\":\"Strona g\u0142\u00f3wna\",\"item\":\"https:\/\/www.mojekonferencje.pl\/blog\/\"},{\"@type\":\"ListItem\",\"position\":2,\"name\":\"Kontakt\"}]},{\"@type\":\"WebSite\",\"@id\":\"https:\/\/www.mojekonferencje.pl\/blog\/#website\",\"url\":\"https:\/\/www.mojekonferencje.pl\/blog\/\",\"name\":\"MojeKonferencje.pl\",\"description\":\"Blog bran\u017cy szkoleniowo-konferencyjnej. W\u0142\u0105cz si\u0119 do dyskusji o obiektach konferencyjnych i nowo\u015bciach z bran\u017cy! Poznaj porady odno\u015bnie organizacji konferencji, szkole\u0144 i event\u00f3w firmowych! Zach\u0119camy do wyra\u017cania opinii oraz komentarzy.\",\"potentialAction\":[{\"@type\":\"SearchAction\",\"target\":{\"@type\":\"EntryPoint\",\"urlTemplate\":\"https:\/\/www.mojekonferencje.pl\/blog\/?s={search_term_string}\"},\"query-input\":{\"@type\":\"PropertyValueSpecification\",\"valueRequired\":true,\"valueName\":\"search_term_string\"}}],\"inLanguage\":\"pl-PL\"}]}<\/script>\n<!-- \/ Yoast SEO plugin. -->","yoast_head_json":{"title":"Kontakt - MojeKonferencje.pl","description":"Kontakt - MojeKonferencje.pl","robots":{"index":"index","follow":"follow","max-snippet":"max-snippet:-1","max-image-preview":"max-image-preview:large","max-video-preview":"max-video-preview:-1"},"canonical":"https:\/\/www.mojekonferencje.pl\/blog\/kontakt\/","og_locale":"pl_PL","og_type":"article","og_title":"Kontakt - MojeKonferencje.pl","og_description":"Kontakt - MojeKonferencje.pl","og_url":"https:\/\/www.mojekonferencje.pl\/blog\/kontakt\/","og_site_name":"MojeKonferencje.pl","article_modified_time":"2020-07-24T14:38:10+00:00","twitter_card":"summary_large_image","schema":{"@context":"https:\/\/schema.org","@graph":[{"@type":"WebPage","@id":"https:\/\/www.mojekonferencje.pl\/blog\/kontakt\/","url":"https:\/\/www.mojekonferencje.pl\/blog\/kontakt\/","name":"Kontakt - MojeKonferencje.pl","isPartOf":{"@id":"https:\/\/www.mojekonferencje.pl\/blog\/#website"},"datePublished":"2019-05-18T18:28:40+00:00","dateModified":"2020-07-24T14:38:10+00:00","description":"Kontakt - MojeKonferencje.pl","breadcrumb":{"@id":"https:\/\/www.mojekonferencje.pl\/blog\/kontakt\/#breadcrumb"},"inLanguage":"pl-PL","potentialAction":[{"@type":"ReadAction","target":["https:\/\/www.mojekonferencje.pl\/blog\/kontakt\/"]}]},{"@type":"BreadcrumbList","@id":"https:\/\/www.mojekonferencje.pl\/blog\/kontakt\/#breadcrumb","itemListElement":[{"@type":"ListItem","position":1,"name":"Strona g\u0142\u00f3wna","item":"https:\/\/www.mojekonferencje.pl\/blog\/"},{"@type":"ListItem","position":2,"name":"Kontakt"}]},{"@type":"WebSite","@id":"https:\/\/www.mojekonferencje.pl\/blog\/#website","url":"https:\/\/www.mojekonferencje.pl\/blog\/","name":"MojeKonferencje.pl","description":"Blog bran\u017cy szkoleniowo-konferencyjnej. W\u0142\u0105cz si\u0119 do dyskusji o obiektach konferencyjnych i nowo\u015bciach z bran\u017cy! Poznaj porady odno\u015bnie organizacji konferencji, szkole\u0144 i event\u00f3w firmowych! Zach\u0119camy do wyra\u017cania opinii oraz komentarzy.","potentialAction":[{"@type":"SearchAction","target":{"@type":"EntryPoint","urlTemplate":"https:\/\/www.mojekonferencje.pl\/blog\/?s={search_term_string}"},"query-input":{"@type":"PropertyValueSpecification","valueRequired":true,"valueName":"search_term_string"}}],"inLanguage":"pl-PL"}]}},"_links":{"self":[{"href":"https:\/\/www.mojekonferencje.pl\/blog\/wp-json\/wp\/v2\/pages\/1717","targetHints":{"allow":["GET"]}}],"collection":[{"href":"https:\/\/www.mojekonferencje.pl\/blog\/wp-json\/wp\/v2\/pages"}],"about":[{"href":"https:\/\/www.mojekonferencje.pl\/blog\/wp-json\/wp\/v2\/types\/page"}],"author":[{"embeddable":true,"href":"https:\/\/www.mojekonferencje.pl\/blog\/wp-json\/wp\/v2\/users\/19"}],"replies":[{"embeddable":true,"href":"https:\/\/www.mojekonferencje.pl\/blog\/wp-json\/wp\/v2\/comments?post=1717"}],"version-history":[{"count":6,"href":"https:\/\/www.mojekonferencje.pl\/blog\/wp-json\/wp\/v2\/pages\/1717\/revisions"}],"predecessor-version":[{"id":1944,"href":"https:\/\/www.mojekonferencje.pl\/blog\/wp-json\/wp\/v2\/pages\/1717\/revisions\/1944"}],"wp:attachment":[{"href":"https:\/\/www.mojekonferencje.pl\/blog\/wp-json\/wp\/v2\/media?parent=1717"}],"curies":[{"name":"wp","href":"https:\/\/api.w.org\/{rel}","templated":true}]}}